{"id":6443,"date":"2025-07-18T14:40:17","date_gmt":"2025-07-18T12:40:17","guid":{"rendered":"https:\/\/hamma-uwt.de\/gtc\/"},"modified":"2026-03-04T10:46:11","modified_gmt":"2026-03-04T09:46:11","slug":"gtc","status":"publish","type":"page","link":"https:\/\/hamma-uwt.de\/hu\/szolgaltatas\/gtc\/","title":{"rendered":"GTC"},"content":{"rendered":"\t\t<div data-elementor-type=\"wp-page\" data-elementor-id=\"6443\" class=\"elementor elementor-6443 elementor-1659\" data-elementor-post-type=\"page\">\n\t\t\t\t<div class=\"elementor-element elementor-element-b678910 e-flex e-con-boxed e-con e-parent\" data-id=\"b678910\" data-element_type=\"container\" data-e-type=\"container\" data-settings=\"{&quot;jet_parallax_layout_list&quot;:[]}\">\n\t\t\t\t\t<div class=\"e-con-inner\">\n\t\t\t\t<div class=\"elementor-element elementor-element-f307924 elementor-widget elementor-widget-heading\" data-id=\"f307924\" data-element_type=\"widget\" data-e-type=\"widget\" data-widget_type=\"heading.default\">\n\t\t\t\t\t<h2 class=\"elementor-heading-title elementor-size-default\">AGB - \u00c1ltal\u00e1nos Szerz\u0151d\u00e9si Felt\u00e9telek<\/h2>\t\t\t\t<\/div>\n\t\t\t\t<div class=\"elementor-element elementor-element-829c0db elementor-widget elementor-widget-text-editor\" data-id=\"829c0db\" data-element_type=\"widget\" data-e-type=\"widget\" data-widget_type=\"text-editor.default\">\n\t\t\t\t\t\t\t\t\t<div class=\"n module-type-header diyfeLiveArea \"><p><span style=\"font-size: 16px;\">Az al\u00e1bbi felt\u00e9telek a keresked\u0151k r\u00e9sz\u00e9re t\u00f6rt\u00e9n\u0151 sz\u00e1ll\u00edt\u00e1sokra \u00e9s szolg\u00e1ltat\u00e1sokra vonatkoznak a keresked\u0151k \u00fczleti tev\u00e9kenys\u00e9g\u00e9hez.<\/span><\/p><\/div><div class=\"n module-type-text diyfeLiveArea \"><p>A sz\u00e1ll\u00edt\u00e1sok \u00e9s szolg\u00e1ltat\u00e1sok kiz\u00e1r\u00f3lag a sz\u00e1ll\u00edt\u00e1si \u00e9s fizet\u00e9si felt\u00e9teleinknek megfelel\u0151en t\u00f6rt\u00e9nnek, amelyeket a megrendel\u0151 a megrendel\u00e9s visszaigazol\u00e1s\u00e1nak k\u00e9zhezv\u00e9telekor, legk\u00e9s\u0151bb a megrendelt \u00e1ru \u00e1tv\u00e9telekor ismer el. A megrendel\u0151 elt\u00e9r\u0151 v\u00e1s\u00e1rl\u00e1si felt\u00e9telei nem v\u00e1lnak a szerz\u0151d\u00e9s r\u00e9sz\u00e9v\u00e9, m\u00e9g a megrendel\u00e9s elfogad\u00e1sa eset\u00e9n sem. A megrendel\u00e9sek, mell\u00e9kszerz\u0151d\u00e9sek, m\u00f3dos\u00edt\u00e1sok \u00e9s egy\u00e9b meg\u00e1llapod\u00e1sok csak \u00edr\u00e1sbeli visszaigazol\u00e1sunkkal v\u00e1lnak hat\u00e1lyoss\u00e1.  <\/p><p>\u00c1rak: A sz\u00e1ll\u00edt\u00e1s napj\u00e1n k\u00f6zz\u00e9tett \u00e1rak \u00e9s \u00e1rfelt\u00e9telek \u00e9rv\u00e9nyesek. Az \u00c1FA-t a mindenkor hat\u00e1lyos \u00c1FA-kulcs szerint kell felsz\u00e1m\u00edtani. <\/p><p>Testreszabott term\u00e9kek: A mint\u00e1k \u00e9s az egyedi term\u00e9kek eset\u00e9ben a mindenkori \u00e9rv\u00e9nyes sz\u00e1ll\u00edt\u00e1si tartom\u00e1nyon k\u00edv\u00fcl es\u0151, \u00e9sszer\u0171 t\u00f6bblet- vagy kevesebb mennyis\u00e9get kell meg\u00e1llapod\u00e1s t\u00e1rgy\u00e1nak tekinteni.<\/p><p>A sz\u00e1ll\u00edt\u00e1si hat\u00e1rid\u0151k a megrendel\u00e9s elfogad\u00e1s\u00e1ig - az id\u0151k\u00f6zi \u00e9rt\u00e9kes\u00edt\u00e9sre is figyelemmel - nem k\u00f6telez\u0151 \u00e9rv\u00e9ny\u0171ek, \u00e9s a megrendel\u00e9s be\u00e9rkez\u00e9s\u00e9t\u0151l, illetve legkor\u00e1bban a megrendel\u00e9s teljes\u00edt\u00e9s\u00e9r\u0151l sz\u00f3l\u00f3 v\u00e9gleges meg\u00e1llapod\u00e1st\u00f3l \u00e9s a megrendel\u0151 \u00e1ltal beszerzend\u0151 dokumentumok, enged\u00e9lyek \u00e9s j\u00f3v\u00e1hagy\u00e1sok rendelkez\u00e9sre bocs\u00e1t\u00e1s\u00e1t\u00f3l sz\u00e1m\u00edtanak. Ha a sz\u00e1ll\u00edt\u00e1si hat\u00e1rid\u0151k napokban vannak megadva, akkor csak a szok\u00e1sos munkanapok sz\u00e1m\u00edtanak. A sz\u00e1ll\u00edt\u00e1si hat\u00e1rid\u0151 akkor tekinthet\u0151 betartottnak, ha a sz\u00e1ll\u00edt\u00e1si t\u00e1rgy a hat\u00e1rid\u0151 lej\u00e1rt\u00e1ig elhagyta a gy\u00e1rat, vagy a sz\u00e1ll\u00edt\u00e1si k\u00e9szenl\u00e9tet bejelentett\u00e9k.  <\/p><p>A sz\u00e1ll\u00edt\u00e1si hat\u00e1rid\u0151k f\u00fcggnek a gy\u00e1rt\u00e1s sor\u00e1n bek\u00f6vetkez\u0151 jelent\u0151s el\u0151re nem l\u00e1that\u00f3 esem\u00e9nyekt\u0151l \u00e9s egy\u00e9b akad\u00e1lyokt\u00f3l, mint p\u00e9ld\u00e1ul vis maior, sz\u00e1ll\u00edt\u00e1si k\u00e9s\u00e9sek, \u00fczemzavarok vagy munkaharcok saj\u00e1t vagy besz\u00e1ll\u00edt\u00f3ink \u00fczemeiben.<br>Ha a megrendel\u0151t olyan k\u00e9sedelem miatt \u00e9ri k\u00e1r, amely\u00e9rt s\u00falyosan felel\u0151sek vagyunk, jogosult k\u00e9sedelmi k\u00e1rt\u00e9r\u00edt\u00e9st k\u00f6vetelni. Az ilyen k\u00e1rt\u00e9r\u00edt\u00e9s m\u00e9rt\u00e9ke a k\u00e9sedelem minden teljes het\u00e9re 1\/2 sz\u00e1zal\u00e9k, de \u00f6sszesen legfeljebb a sz\u00e1ll\u00edt\u00e1s azon r\u00e9sze \u00e9rt\u00e9k\u00e9nek 5 sz\u00e1zal\u00e9ka, amelyet a k\u00e9sedelem miatt nem sz\u00e1ll\u00edtunk le id\u0151ben vagy nem tudunk a szerz\u0151d\u00e9snek megfelel\u0151en felhaszn\u00e1lni. Tov\u00e1bbi k\u00f6vetel\u00e9sek kiz\u00e1rva.  <\/p><p>Csomagol\u00e1s: Az egyszer haszn\u00e1latos csomagol\u00f3anyagok, mint p\u00e9ld\u00e1ul a fal\u00e1d\u00e1k, kartondobozok stb. \u00f6nk\u00f6lts\u00e9gi \u00e1ron ker\u00fclnek felsz\u00e1m\u00edt\u00e1sra, \u00e9s nem ker\u00fclnek visszav\u00e9telre. Az \u00fajrahaszn\u00e1lhat\u00f3 \u00e9s h\u00e1l\u00f3s l\u00e1d\u00e1s raklapok, raklapok rakod\u00f3kerettel \u00e9s fed\u00e9llel, kont\u00e9nerek \u00e9s kazett\u00e1k a mi tulajdonunkban maradnak, \u00e9s azokat azonnal vissza kell sz\u00e1ll\u00edtani a sz\u00e1ll\u00edt\u00e1si helyre, sz\u00e1munkra k\u00f6lts\u00e9gmentesen.<br>A t\u00f6megcsomagol\u00e1s az \u00e1rlist\u00e1inkban \u00f3lomcsomagol\u00e1sk\u00e9nt megadott darabsz\u00e1mot tartalmazza. Az ett\u0151l elt\u00e9r\u0151 mennyis\u00e9gek vagy azok t\u00f6bbsz\u00f6r\u00f6sei csak egyedi csomagol\u00e1sban sz\u00e1ll\u00edthat\u00f3k, amennyiben ez nem \u00fctk\u00f6zik a minim\u00e1lis rendel\u00e9si mennyis\u00e9ggel.  <\/p><p>A sz\u00e1ll\u00edt\u00e1s a c\u00edmzett k\u00f6lts\u00e9g\u00e9re \u00e9s kock\u00e1zat\u00e1ra t\u00f6rt\u00e9nik, n\u00e9metorsz\u00e1gi rendeltet\u00e9si hely n\u00e9lk\u00fcl, de a fuvard\u00edjak n\u00e9lk\u00fcl. Az expressz \u00e1ruk \u00e9s a kis k\u00fcldem\u00e9nyek sz\u00e1ll\u00edt\u00e1si t\u00f6bbletk\u00f6lts\u00e9gei a megrendel\u0151t terhelik. A sz\u00e1ll\u00edt\u00e1si m\u00f3d megv\u00e1laszt\u00e1sa a k\u00e9zbes\u00edt\u00e9s hely\u00e9re van b\u00edzva. R\u00e9szsz\u00e1ll\u00edt\u00e1sok enged\u00e9lyezettek.   <\/p><p>Visszasz\u00e1ll\u00edt\u00e1si koncepci\u00f3: Ha a megv\u00e1s\u00e1rolt k\u00e9sz\u00fcl\u00e9k el\u00e9rte \u00e9lettartam\u00e1nak v\u00e9g\u00e9t, \u00e9s m\u00e1r nincs r\u00e1 sz\u00fcks\u00e9ge, \u00e9sszer\u0171 \u00e1llapotban visszak\u00fcldheti az al\u00e1bbi c\u00edmre \u00fajrahasznos\u00edt\u00e1sra\/megsemmis\u00edt\u00e9sre.  <\/p><p>Armin Hamma Umwelttechnik, WEEE - Recycling\/Disposal, Kettelerstra\u00dfe 44-46, D- 78532 Tuttlingen.<\/p><p>A ki nem fizetett csomagokat nem, vagy csak j\u00f3indulattal fogadjuk el. A visszak\u00fcld\u00f6tt term\u00e9keket m\u00e1r nem lehet visszak\u00f6vetelni. <\/p><p> <\/p><p>A fizet\u00e9sek \u00e1ltal\u00e1ban EURO-ban, plusz a t\u00f6rv\u00e9nyes \u00c1FA-ban t\u00f6rt\u00e9nnek, nett\u00f3 7.700,00 E Ft rendel\u00e9si \u00e9rt\u00e9kig azonnal, 7.700,00 E Ft rendel\u00e9si \u00e9rt\u00e9kt\u0151l 1\/3 r\u00e9szenk\u00e9nt a megrendel\u00e9s visszaigazol\u00e1sakor \/ sz\u00e1ll\u00edt\u00e1skor \/ sz\u00e1mla k\u00e9zhezv\u00e9telekor. K\u00fclf\u00f6ldr\u0151l t\u00f6rt\u00e9n\u0151 fizet\u00e9s eset\u00e9n a fizet\u00e9s LC vagy el\u0151leg form\u00e1j\u00e1ban t\u00f6rt\u00e9nik.<br>A fizet\u00e9si hat\u00e1rid\u0151 t\u00fall\u00e9p\u00e9se eset\u00e9n banki kamatot sz\u00e1m\u00edtunk fel.<br>A megrendel\u0151 nem jogosult a fizet\u00e9sek visszatart\u00e1s\u00e1ra vagy besz\u00e1m\u00edt\u00e1s\u00e1ra ellenk\u00f6vetel\u00e9sekkel szemben.<br>A megrendel\u0151 r\u00e9sz\u00e9r\u0151l t\u00f6rt\u00e9n\u0151 fizet\u00e9s felf\u00fcggeszt\u00e9se vagy t\u00faltartoz\u00e1s, valamint a meg\u00e1llap\u00edtott fizet\u00e9si felt\u00e9telek be nem tart\u00e1sa eset\u00e9n minden benn\u00fcnket a megrendel\u0151vel szemben megillet\u0151 k\u00f6vetel\u00e9s, bele\u00e9rtve a v\u00e1lt\u00f3k\u00f6vetel\u00e9seket is, azonnal esed\u00e9kess\u00e9 v\u00e1lik. <\/p><p>Tulajdonjog fenntart\u00e1sa: Az \u00e1ltalunk sz\u00e1ll\u00edtott \u00e1ruk tulajdonjog\u00e1t a teljes \u00f6sszeg kifizet\u00e9s\u00e9ig fenntartjuk: minden sz\u00e1ll\u00edt\u00e1s egyetlen sz\u00e1ll\u00edt\u00e1si tranzakci\u00f3nak min\u0151s\u00fcl. Foly\u00f3sz\u00e1mla eset\u00e9n a visszatartott tulajdonjog a mi egyenlegk\u00f6vetel\u00e9s\u00fcnk biztos\u00edt\u00e9k\u00e1ul szolg\u00e1l. <\/p><p>Ha a vev\u0151 a mi \u00e1ruinkat m\u00e1s t\u00e9telekkel egyes\u00edti, hogy egyetlen t\u00e9telt k\u00e9pezzenek, akkor az \u00faj t\u00e9telnek ar\u00e1nyosan t\u00e1rstulajdonosai lesz\u00fcnk. Ha a vev\u0151 az \u00e1ltalunk sz\u00e1ll\u00edtott \u00e1rut rendeltet\u00e9sszer\u0171en tov\u00e1bb\u00e9rt\u00e9kes\u00edti, az \u00e9rt\u00e9kes\u00edt\u00e9sb\u0151l ered\u0151, a vev\u0151ivel szemben fenn\u00e1ll\u00f3 k\u00f6vetel\u00e9seit minden j\u00e1rul\u00e9kos joggal egy\u00fctt ezennel a mi \u00f6sszes k\u00f6vetel\u00e9s\u00fcnk teljes kiegyenl\u00edt\u00e9s\u00e9ig r\u00e1nk engedm\u00e9nyezi. K\u00e9r\u00e9s\u00fcnkre a vev\u0151 k\u00f6teles a harmadik f\u00e9l vev\u0151ket az engedm\u00e9nyez\u00e9sr\u0151l t\u00e1j\u00e9koztatni, \u00e9s a jogaink \u00e9rv\u00e9nyes\u00edt\u00e9s\u00e9hez sz\u00fcks\u00e9ges inform\u00e1ci\u00f3kat \u00e9s dokumentumokat rendelkez\u00e9s\u00fcnkre bocs\u00e1tani.  <br>Az \u00fcgyf\u00e9l k\u00f6teles halad\u00e9ktalanul \u00e9rtes\u00edteni minket a tulajdonjog-fenntart\u00e1s al\u00e1 es\u0151 \u00e1ruk lefoglal\u00e1s\u00e1r\u00f3l vagy jogaink harmadik f\u00e9l \u00e1ltali b\u00e1rmilyen m\u00e1s m\u00f3don t\u00f6rt\u00e9n\u0151 csorb\u00edt\u00e1s\u00e1r\u00f3l.<br>A birtokunkban l\u00e9v\u0151 \u00e9rt\u00e9kpap\u00edrokat felszabad\u00edtjuk, amennyiben azok \u00e9rt\u00e9ke \u00f6sszesen t\u00f6bb mint 25%-kal meghaladja a biztos\u00edtand\u00f3 k\u00f6vetel\u00e9seket.<br>Amennyiben a tulajdonjog-fenntart\u00e1s jogi okokb\u00f3l ebben a form\u00e1ban nem lenne teljes m\u00e9rt\u00e9kben \u00e9rv\u00e9nyes, a vev\u0151 k\u00f6teles az \u00e1rukra vonatkoz\u00f3 k\u00f6vetel\u00e9seinket megfelel\u0151 joghat\u00e1ssal biztos\u00edtani, \u00e9s a sz\u00fcks\u00e9ges int\u00e9zked\u00e9sekben egy\u00fcttm\u0171k\u00f6dni.<\/p><p>J\u00f3t\u00e1ll\u00e1s: Az olyan sz\u00e1ll\u00edt\u00e1sok eset\u00e9ben, amelyek bizony\u00edthat\u00f3an r\u00e9szben vagy eg\u00e9szben haszn\u00e1lhatatlanok olyan hib\u00e1k miatt, amelyek\u00e9rt mi vagyunk felel\u0151sek, vagy amelyek kifejezetten garant\u00e1lt tulajdons\u00e1gok hi\u00e1ny\u00e1t okozz\u00e1k, a gazdas\u00e1gi \u00e9s m\u0171szaki szempontok figyelembev\u00e9tel\u00e9vel saj\u00e1t bel\u00e1t\u00e1sunk szerint vagy ingyenesen kijav\u00edtjuk az \u00e1rut, vagy \u00faj sz\u00e1ll\u00edt\u00e1st v\u00e9gz\u00fcnk, vagy cs\u00f6kkentj\u00fck a v\u00e9tel\u00e1rat. A jav\u00edt\u00e1ssal vagy cseresz\u00e1ll\u00edt\u00e1ssal j\u00e1r\u00f3 k\u00f6zvetlen k\u00f6lts\u00e9gek k\u00f6z\u00fcl mi viselj\u00fck a jav\u00edt\u00e1si vagy cseret\u00e1rgy k\u00f6lts\u00e9geit, bele\u00e9rtve a sz\u00e1ll\u00edt\u00e1st is, valamint a hib\u00e1s sz\u00e1ll\u00edt\u00e1si t\u00e1rgy \u00e9rt\u00e9k\u00e9n alapul\u00f3, \u00e9sszer\u0171 ki- \u00e9s beszerel\u00e9si k\u00f6lts\u00e9geket, amennyiben ezek N\u00e9metorsz\u00e1gra vonatkoznak. A hib\u00e1s \u00e1ru visszak\u00fcld\u00e9s\u00e9nek fuvark\u00f6lts\u00e9g\u00e9t csak akkor t\u00e9r\u00edtj\u00fck meg, ha a visszak\u00fcld\u00e9s a mi kifejezett k\u00e9r\u00e9s\u00fcnkre t\u00f6rt\u00e9nik.  <\/p><p>Ellenkez\u0151 esetben az \u00fcgyf\u00e9l viseli a k\u00f6lts\u00e9geket.<br>A j\u00f3t\u00e1ll\u00e1si id\u0151 a sz\u00e1ll\u00edt\u00e1s id\u0151pontj\u00e1t\u00f3l sz\u00e1m\u00edtott 12 h\u00f3nap. Ut\u00f3lagos jav\u00edt\u00e1s \u00e9s csere lesz\u00e1ll\u00edt\u00e1s eset\u00e9n csak azzal az id\u0151tartammal hosszabbodik meg, amely alatt a sz\u00e1ll\u00edtott t\u00e1rgy nem haszn\u00e1lhat\u00f3. A kop\u00f3 alkatr\u00e9szek nem tartoznak e rendelkez\u00e9s hat\u00e1lya al\u00e1.<br>A felismerhet\u0151 sz\u00e1ll\u00edt\u00e1si k\u00e1rokat \u00e9s minden egy\u00e9b hib\u00e1t a felfedez\u00e9st\u0151l sz\u00e1m\u00edtott 8 napon bel\u00fcl halad\u00e9ktalanul be kell jelenteni.<br>A j\u00f3t\u00e1ll\u00e1si ig\u00e9nyek teljes\u00edt\u00e9s\u00e9t megtagadhatjuk, ha a hib\u00e1kr\u00f3l nem \u00e9rtes\u00edtenek benn\u00fcnket id\u0151ben. Ugyanez vonatkozik arra az esetre is, ha nem kapjuk meg a sz\u00fcks\u00e9ges id\u0151t \u00e9s lehet\u0151s\u00e9get arra, hogy az \u00e1ltalunk \u00e9sszer\u0171 bel\u00e1t\u00e1sunk szerint sz\u00fcks\u00e9gesnek \u00edt\u00e9lt int\u00e9zked\u00e9seket megtegy\u00fck. Csak s\u00fcrg\u0151s esetben, ha az \u00fcgyf\u00e9l \u00fczembiztons\u00e1ga vesz\u00e9lyben van, \u00e9s az ar\u00e1nytalanul nagy k\u00e1r megel\u0151z\u00e9se \u00e9rdek\u00e9ben - ebben az esetben halad\u00e9ktalanul \u00e9rtes\u00edteni kell benn\u00fcnket -, vagy ha a hiba kijav\u00edt\u00e1s\u00e1val k\u00e9sedelembe es\u00fcnk, az \u00fcgyf\u00e9lnek joga van a hib\u00e1t maga kijav\u00edtani vagy harmadik f\u00e9llel kijav\u00edttatni, \u00e9s a j\u00f3t\u00e1ll\u00e1s keret\u00e9ben viselend\u0151 k\u00f6lts\u00e9gek megt\u00e9r\u00edt\u00e9s\u00e9t k\u00f6vetelni t\u0151l\u00fcnk.    <\/p><p>Kieg\u00e9sz\u00edt\u0151 k\u00f6telezetts\u00e9gek \u00e9s tan\u00e1csad\u00e1s: A szerz\u0151d\u00e9ses kieg\u00e9sz\u00edt\u0151 szolg\u00e1ltat\u00e1sokat (pl. karbantart\u00e1si utas\u00edt\u00e1sok) \u00e9s tan\u00e1csad\u00e1st, amennyiben azok a sz\u00e1ll\u00edt\u00e1si t\u00e1rgyhoz kapcsol\u00f3dnak, gondosan \u00e9s legjobb tud\u00e1sunk szerint, a mindenkori m\u0171szaki sz\u00ednvonalnak \u00e9s a megrendel\u0151 \u00e1ltal megadott felhaszn\u00e1l\u00e1si felt\u00e9teleknek megfelel\u0151en ny\u00fajtjuk; a szavatoss\u00e1g tekintet\u00e9ben, bele\u00e9rtve az esetleges mulaszt\u00e1sokat is, a fenti felt\u00e9telek \u00e9rtelemszer\u0171en alkalmazand\u00f3k.<br>A puszta aj\u00e1nl\u00e1sok nem k\u00f6telez\u0151 \u00e9rv\u00e9ny\u0171ek. A katal\u00f3gus \u00e9s a lista adatai nem jelentenek garanci\u00e1t a tulajdons\u00e1gokra. <\/p><p>Felel\u0151ss\u00e9g: Az \u00fcgyf\u00e9l tov\u00e1bbi k\u00f6vetel\u00e9sei, k\u00fcl\u00f6n\u00f6sen a nem a sz\u00e1ll\u00edtott term\u00e9ken keletkezett vagy a tulajdonjogok megs\u00e9rt\u00e9s\u00e9n alapul\u00f3 k\u00e1rok megt\u00e9r\u00edt\u00e9s\u00e9re vonatkoz\u00f3 k\u00f6vetel\u00e9s a t\u00f6rv\u00e9ny \u00e1ltal megengedett m\u00e9rt\u00e9kben kiz\u00e1rt. Ez vonatkozik a jogosulatlan cselekm\u00e9nyekre is. <\/p><p>Visszal\u00e9p\u00e9s: Ha a szerz\u0151d\u00e9s vagy a szavatoss\u00e1gi ig\u00e9nyek teljes\u00edt\u00e9se lehetetlen, vagy ha azt v\u00e9tkesen k\u00e9sedelmesen, \u00e9sszer\u0171 t\u00fcrelmi id\u0151n t\u00fal k\u00e9sedelmesen teljes\u00edtj\u00fck, a megrendel\u0151 el\u00e1llhat a szerz\u0151d\u00e9st\u0151l. A megrendel\u0151nek vel\u00fcnk, megb\u00edzottjainkkal vagy teljes\u00edt\u00e9si seg\u00edt\u0151inkkel szembeni minden egy\u00e9b ig\u00e9nye, k\u00fcl\u00f6n\u00f6sen a k\u00e1rt\u00e9r\u00edt\u00e9si ig\u00e9nyek minden fajt\u00e1ja \u00e9s jogalapja kiz\u00e1rt. <\/p><p>Joghat\u00f3s\u00e1g helye: a sz\u00e1ll\u00edt\u00f3 \u00fczeme a teljes\u00edt\u00e9s helye a sz\u00e1ll\u00edt\u00e1s \u00e9s a fizet\u00e9s tekintet\u00e9ben. A szerz\u0151d\u00e9ses jogviszonyb\u00f3l ered\u0151 valamennyi jogvita eset\u00e9n a sz\u00e1ll\u00edt\u00e1st v\u00e9gz\u0151 sz\u00e1ll\u00edt\u00f3 sz\u00e9khelye vagy fi\u00f3ktelepe szerint illet\u00e9kes b\u00edr\u00f3s\u00e1gon kell elj\u00e1rni. A sz\u00e1ll\u00edt\u00f3 jogosult a megrendel\u0151 sz\u00e9khely\u00e9n is pert ind\u00edtani.  <\/p><p> <\/p><p> <\/p><p>\u00c1llapot: 12.01.2023<\/p><\/div>\t\t\t\t\t\t\t\t<\/div>\n\t\t\t\t\t<\/div>\n\t\t\t\t<\/div>\n\t\t\t\t<\/div>\n\t\t","protected":false},"excerpt":{"rendered":"<p>AGB - \u00c1ltal\u00e1nos Szerz\u0151d\u00e9si Felt\u00e9telek Az al\u00e1bbi felt\u00e9telek a keresked\u0151k r\u00e9sz\u00e9re t\u00f6rt\u00e9n\u0151 sz\u00e1ll\u00edt\u00e1sokra \u00e9s szolg\u00e1ltat\u00e1sokra vonatkoznak a keresked\u0151k \u00fczleti tev\u00e9kenys\u00e9g\u00e9hez. A sz\u00e1ll\u00edt\u00e1sok \u00e9s szolg\u00e1ltat\u00e1sok kiz\u00e1r\u00f3lag a sz\u00e1ll\u00edt\u00e1si \u00e9s fizet\u00e9si felt\u00e9teleinknek megfelel\u0151en t\u00f6rt\u00e9nnek, amelyeket a megrendel\u0151 a megrendel\u00e9s visszaigazol\u00e1s\u00e1nak k\u00e9zhezv\u00e9telekor, legk\u00e9s\u0151bb a megrendelt \u00e1ru \u00e1tv\u00e9telekor ismer el. A megrendel\u0151 elt\u00e9r\u0151 v\u00e1s\u00e1rl\u00e1si felt\u00e9telei nem v\u00e1lnak a szerz\u0151d\u00e9s [&hellip;]<\/p>\n","protected":false},"author":3,"featured_media":0,"parent":8090,"menu_order":0,"comment_status":"closed","ping_status":"closed","template":"","meta":{"_acf_changed":false,"footnotes":""},"class_list":["post-6443","page","type-page","status-publish","hentry"],"acf":[],"_links":{"self":[{"href":"https:\/\/hamma-uwt.de\/hu\/wp-json\/wp\/v2\/pages\/6443","targetHints":{"allow":["GET"]}}],"collection":[{"href":"https:\/\/hamma-uwt.de\/hu\/wp-json\/wp\/v2\/pages"}],"about":[{"href":"https:\/\/hamma-uwt.de\/hu\/wp-json\/wp\/v2\/types\/page"}],"author":[{"embeddable":true,"href":"https:\/\/hamma-uwt.de\/hu\/wp-json\/wp\/v2\/users\/3"}],"replies":[{"embeddable":true,"href":"https:\/\/hamma-uwt.de\/hu\/wp-json\/wp\/v2\/comments?post=6443"}],"version-history":[{"count":1,"href":"https:\/\/hamma-uwt.de\/hu\/wp-json\/wp\/v2\/pages\/6443\/revisions"}],"predecessor-version":[{"id":6444,"href":"https:\/\/hamma-uwt.de\/hu\/wp-json\/wp\/v2\/pages\/6443\/revisions\/6444"}],"up":[{"embeddable":true,"href":"https:\/\/hamma-uwt.de\/hu\/wp-json\/wp\/v2\/pages\/8090"}],"wp:attachment":[{"href":"https:\/\/hamma-uwt.de\/hu\/wp-json\/wp\/v2\/media?parent=6443"}],"curies":[{"name":"wp","href":"https:\/\/api.w.org\/{rel}","templated":true}]}}